{"id":23,"date":"2013-09-10T15:11:44","date_gmt":"2013-09-10T15:11:44","guid":{"rendered":"http:\/\/www.ascensusski.com\/?page_id=23"},"modified":"2016-09-14T13:50:01","modified_gmt":"2016-09-14T13:50:01","slug":"the-area","status":"publish","type":"page","link":"http:\/\/chaletascensus.com\/fr\/the-area\/","title":{"rendered":"Village"},"content":{"rendered":"<p><img loading=\"lazy\" class=\"alignright wp-image-126 size-medium\" src=\"http:\/\/chaletascensus.com\/fr\/fr\/wp-content\/uploads\/area-in-snow-300x225.jpg\" alt=\"The Les Carroz area in snow\" width=\"300\" height=\"225\" srcset=\"http:\/\/chaletascensus.com\/fr\/wp-content\/uploads\/area-in-snow-300x225.jpg 300w, http:\/\/chaletascensus.com\/fr\/wp-content\/uploads\/area-in-snow.jpg 640w\" sizes=\"(max-width: 300px) 100vw, 300px\" \/><\/p>\n<p>Situ\u00e9e \u00e0 1200m d&rsquo;altitude, Les Carroz est une authentique station village au c\u0153ur des Alpes. Id\u00e9alement situ\u00e9 \u00e0 55\u00a0km de Chamonix et 40\u00a0km de Gen\u00e8ve sur un plateau largement ensoleill\u00e9 au-dessus de la vall\u00e9e de l&rsquo;Arve, Les Carroz fait partie du Grand Massif. En hiver, ce domaine offre l&rsquo;acc\u00e8s \u00e0 265\u00a0km de pistes, le sommet du domaine skiable culminant \u00e0 2500m. 80\u00a0remont\u00e9es m\u00e9caniques desservent 135\u00a0pistes (14\u00a0noires, 50\u00a0rouges, 54\u00a0bleues et 17\u00a0vertes). En \u00e9t\u00e9, randonn\u00e9es sur des sentiers balis\u00e9s, pistes de VTT de tout niveau et une multitude d\u2019activit\u00e9s sont propos\u00e9es.<\/p>\n<p>La cr\u00e9ation de la station remonte \u00e0 1936 et c&rsquo;est le 29 Janvier 1939 que l&rsquo;on inaugure le premier t\u00e9l\u00e9ski, <span title=\"Ce passage n\u00e9cessite une r\u00e9f\u00e9rence.\">le plus long d\u2019Europe \u00e0 l&rsquo;\u00e9poque<\/span>. Avant l&rsquo;essor du tourisme, le village se composait de quelques fermes d&rsquo;alpage, et le printemps venu, les troupeaux \u00ab\u00a0emmontagnaient\u00a0\u00bb depuis les fermes des hameaux de la Frasse, de Ballancy ou Treydon. \u00c0 l&rsquo;automne, les troupeaux \u00ab\u00a0d\u00e9montagnaient\u00a0\u00bb et la vie s&rsquo;organisait autour de la ferme. L&rsquo;hiver, les habitants fabriquaient en sous-traitance des pi\u00e8ces de montre pour les horlogers de la vall\u00e9e de l&rsquo;Arve. C\u2019est exactement ce que faisaient les habitants de notre ferme chalet \u00e0 l\u2019\u00e9poque\u00a0et les plans de travail sont toujours en place!<\/p>\n<p>Les Carroz a su garder son \u00e2me authentique, venez la d\u00e9couvrir, ainsi que toutes les activit\u00e9s propos\u00e9es hiver comme \u00e9t\u00e9!<br \/>\n<img style=\"border: 0px solid black; width: 100%; float: none;\" src=\"\/wp-content\/uploads\/carroz-map-large-trans2.png\" alt=\"Map showing the location of Chalet Le Palane in Les Carroz, Grand Massif, France, relative to Geneva\" \/><\/p>\n","protected":false},"excerpt":{"rendered":"<p>Situ\u00e9e \u00e0 1200m d&rsquo;altitude, Les Carroz est une authentique station village au c\u0153ur des Alpes. Id\u00e9alement situ\u00e9 \u00e0 55\u00a0km de Chamonix et 40\u00a0km de Gen\u00e8ve sur un plateau largement ensoleill\u00e9 au-dessus de la vall\u00e9e de l&rsquo;Arve, Les Carroz fait partie du Grand Massif. En hiver, ce domaine offre l&rsquo;acc\u00e8s \u00e0 265\u00a0km de pistes, le sommet [&hellip;]<\/p>\n","protected":false},"author":1,"featured_media":0,"parent":0,"menu_order":0,"comment_status":"open","ping_status":"open","template":"","meta":{"_genesis_hide_title":false,"_genesis_hide_breadcrumbs":false,"_genesis_hide_singular_image":false,"_genesis_hide_footer_widgets":false,"_genesis_custom_body_class":"","_genesis_custom_post_class":"","_genesis_layout":""},"_links":{"self":[{"href":"http:\/\/chaletascensus.com\/fr\/wp-json\/wp\/v2\/pages\/23"}],"collection":[{"href":"http:\/\/chaletascensus.com\/fr\/wp-json\/wp\/v2\/pages"}],"about":[{"href":"http:\/\/chaletascensus.com\/fr\/wp-json\/wp\/v2\/types\/page"}],"author":[{"embeddable":true,"href":"http:\/\/chaletascensus.com\/fr\/wp-json\/wp\/v2\/users\/1"}],"replies":[{"embeddable":true,"href":"http:\/\/chaletascensus.com\/fr\/wp-json\/wp\/v2\/comments?post=23"}],"version-history":[{"count":44,"href":"http:\/\/chaletascensus.com\/fr\/wp-json\/wp\/v2\/pages\/23\/revisions"}],"predecessor-version":[{"id":125,"href":"http:\/\/chaletascensus.com\/fr\/wp-json\/wp\/v2\/pages\/23\/revisions\/125"}],"wp:attachment":[{"href":"http:\/\/chaletascensus.com\/fr\/wp-json\/wp\/v2\/media?parent=23"}],"curies":[{"name":"wp","href":"https:\/\/api.w.org\/{rel}","templated":true}]}}